{"id":633,"date":"2011-07-14T23:39:57","date_gmt":"2011-07-15T04:39:57","guid":{"rendered":"http:\/\/www.oscarhumbertogomez.com\/?page_id=633"},"modified":"2025-02-16T10:42:57","modified_gmt":"2025-02-16T15:42:57","slug":"derecho","status":"publish","type":"page","link":"https:\/\/oscarhumbertogomez.com\/?page_id=633","title":{"rendered":"Derecho"},"content":{"rendered":"<a href=\"https:\/\/lapiedrafilosofal.com\/wp-content\/uploads\/2011\/07\/CESAR-MACCARI-CICERON-DENUNCIA-A-CATILINA.jpg\"><img loading=\"lazy\" decoding=\"async\" class=\"size-large wp-image-26246\" src=\"https:\/\/lapiedrafilosofal.com\/wp-content\/uploads\/2011\/07\/CESAR-MACCARI-CICERON-DENUNCIA-A-CATILINA-1024x638.jpg\" alt=\"\" width=\"640\" height=\"399\" srcset=\"https:\/\/oscarhumbertogomez.com\/wp-content\/uploads\/2011\/07\/CESAR-MACCARI-CICERON-DENUNCIA-A-CATILINA-1024x638.jpg 1024w, https:\/\/oscarhumbertogomez.com\/wp-content\/uploads\/2011\/07\/CESAR-MACCARI-CICERON-DENUNCIA-A-CATILINA-300x187.jpg 300w, https:\/\/oscarhumbertogomez.com\/wp-content\/uploads\/2011\/07\/CESAR-MACCARI-CICERON-DENUNCIA-A-CATILINA-768x479.jpg 768w, https:\/\/oscarhumbertogomez.com\/wp-content\/uploads\/2011\/07\/CESAR-MACCARI-CICERON-DENUNCIA-A-CATILINA.jpg 1280w\" sizes=\"auto, (max-width: 640px) 100vw, 640px\" \/><\/a>\n<p>&nbsp;<\/p>\n<p>&nbsp;<\/p>\n<p><strong><strong><strong><span style=\"color: #000080;\"><strong>AVISO<\/strong><\/span><\/strong><\/strong><\/strong><\/p>\n<p>&nbsp;<\/p>\n<p>&#8220;Por falta de garant\u00edas&#8221;, de acuerdo con un extenso comunicado dirigido a sus clientes y a las autoridades judiciales ante las cuales ven\u00eda actuando como apoderado de aquellos, y renunciando en todos los procesos a su cargo, el doctor \u00d3scar Humberto G\u00f3mez G\u00f3mez ha puesto fin al ejercicio profesional de la abogac\u00eda, en el cual se mantuvo a lo largo de 43 a\u00f1os.<\/p>\n<p>Su retiro ocurre luego de cerrar su oficina, que se hallaba ubicada en el tercer piso del Centro Empresarial Chicamocha, en Bucaramanga, donde atendi\u00f3 a su clientela junto a su esposa y asistente Nylse Blackburn, reconocida como su dependiente judicial mediante resoluci\u00f3n expedida por la presidenta del Tribunal Administrativo de Santander Marta \u00c1lvarez de Castillo y su secretario general \u00c1ngel de Jes\u00fas G\u00f3mez.<\/p>\n<p>&nbsp;<\/p>\n<p><strong><strong><strong><span style=\"color: #000080;\"><strong>HISTORIA<\/strong><\/span><\/strong><\/strong><\/strong><\/p>\n<p>&nbsp;<\/p>\n<p>El primer caso atendido por  el doctor \u00d3scar Humberto G\u00f3mez G\u00f3mez fue el llamado<strong><strong> &#8220;<span style=\"color: #000080;\"><strong>CASO DEL ESTADIO<\/strong><\/span>&#8220;<\/strong><\/strong>.<\/p>\n<p>Los hechos ocurrieron el 11 de octubre de 1981, la demanda la present\u00f3 en 1982 y la sentencia favorable la obtuvo en 1986, con ponencia del entonces consejero Julio C\u00e9sar Uribe Acosta. La Secci\u00f3n Tercera del Consejo de Estado (Sala de lo Contencioso Administrativo) conden\u00f3 a la Naci\u00f3n como responsable de los da\u00f1os y perjuicios.<\/p>\n<p><strong><strong>&nbsp;<\/strong><\/strong><\/p>\n<div id=\"attachment_26313\" style=\"width: 660px\" class=\"wp-caption alignnone\"><a href=\"https:\/\/lapiedrafilosofal.com\/wp-content\/uploads\/2017\/09\/ESTADIO-2.jpg\"><img loading=\"lazy\" decoding=\"async\" aria-describedby=\"caption-attachment-26313\" class=\"size-full wp-image-26313\" src=\"https:\/\/lapiedrafilosofal.com\/wp-content\/uploads\/2017\/09\/ESTADIO-2.jpg\" alt=\"\" width=\"650\" height=\"300\" srcset=\"https:\/\/oscarhumbertogomez.com\/wp-content\/uploads\/2017\/09\/ESTADIO-2.jpg 650w, https:\/\/oscarhumbertogomez.com\/wp-content\/uploads\/2017\/09\/ESTADIO-2-300x138.jpg 300w\" sizes=\"auto, (max-width: 650px) 100vw, 650px\" \/><\/a><p id=\"caption-attachment-26313\" class=\"wp-caption-text\">EL CASO DEL ESTADIO&#8221; (Estadio Alfonso L\u00f3pez de Bucaramanga, domingo 11 de octubre de 1981; tragedia en el partido Atl\u00e9tico Bucaramanga &#8211; Atl\u00e9tico Junior de Barranquilla), primer caso a cargo de \u00d3scar Humberto G\u00f3mez G\u00f3mez ante el Consejo de Estado de Colombia. Instantes previos a la tragedia. La Polic\u00eda enfrenta los des\u00f3rdenes. Al verse superada por la multitud, solicitar\u00e1 la presencia del Ej\u00e9rcito.<\/p><\/div>\n<p>&nbsp;<\/p>\n<div id=\"attachment_24626\" style=\"width: 660px\" class=\"wp-caption alignnone\"><a href=\"https:\/\/lapiedrafilosofal.com\/wp-content\/uploads\/2017\/09\/ESTADIO.jpg\"><img loading=\"lazy\" decoding=\"async\" aria-describedby=\"caption-attachment-24626\" class=\"size-full wp-image-24626\" src=\"https:\/\/lapiedrafilosofal.com\/wp-content\/uploads\/2017\/09\/ESTADIO.jpg\" alt=\"\" width=\"650\" height=\"300\" srcset=\"https:\/\/oscarhumbertogomez.com\/wp-content\/uploads\/2017\/09\/ESTADIO.jpg 650w, https:\/\/oscarhumbertogomez.com\/wp-content\/uploads\/2017\/09\/ESTADIO-300x138.jpg 300w\" sizes=\"auto, (max-width: 650px) 100vw, 650px\" \/><\/a><p id=\"caption-attachment-24626\" class=\"wp-caption-text\">&#8220;EL CASO DEL ESTADIO&#8221; (Estadio Alfonso L\u00f3pez de Bucaramanga, domingo 11 de octubre de 1981; tragedia en el partido Atl\u00e9tico Bucaramanga &#8211; Atl\u00e9tico Junior de Barranquilla), primer caso a cargo de \u00d3scar Humberto G\u00f3mez G\u00f3mez ante el Consejo de Estado de Colombia. Instantes previos a la tragedia. La Polic\u00eda enfrenta los des\u00f3rdenes. Al verse superada por la multitud, solicitar\u00e1 la presencia del Ej\u00e9rcito.<\/p><\/div>\n<p>&nbsp;<\/p>\n<div id=\"attachment_24628\" style=\"width: 660px\" class=\"wp-caption alignnone\"><a href=\"https:\/\/lapiedrafilosofal.com\/wp-content\/uploads\/2017\/09\/estadio-II.jpg\"><img loading=\"lazy\" decoding=\"async\" aria-describedby=\"caption-attachment-24628\" class=\"size-full wp-image-24628\" src=\"https:\/\/lapiedrafilosofal.com\/wp-content\/uploads\/2017\/09\/estadio-II.jpg\" alt=\"\" width=\"650\" height=\"433\" srcset=\"https:\/\/oscarhumbertogomez.com\/wp-content\/uploads\/2017\/09\/estadio-II.jpg 650w, https:\/\/oscarhumbertogomez.com\/wp-content\/uploads\/2017\/09\/estadio-II-300x200.jpg 300w\" sizes=\"auto, (max-width: 650px) 100vw, 650px\" \/><\/a><p id=\"caption-attachment-24628\" class=\"wp-caption-text\">&#8220;EL CASO DEL ESTADIO&#8221; (Estadio Alfonso L\u00f3pez de Bucaramanga, domingo 11 de octubre de 1981; tragedia en el partido Atl\u00e9tico Bucaramanga &#8211; Atl\u00e9tico Junior de Barranquilla), primer caso a cargo de \u00d3scar Humberto G\u00f3mez G\u00f3mez ante el Consejo de Estado de Colombia. Instantes previos a la tragedia. El \u00e1rbitro Eduardo Pe\u00f1a es conducido hacia los camerinos. Despu\u00e9s se supo que para sacarlo del estadio, las autoridades lo vistieron de jugador del Atl\u00e9tico Bucaramanga.<\/p><\/div>\n<p>&nbsp;<\/p>\n<div id=\"attachment_20791\" style=\"width: 660px\" class=\"wp-caption aligncenter\"><img loading=\"lazy\" decoding=\"async\" aria-describedby=\"caption-attachment-20791\" class=\"size-full wp-image-20791\" src=\"https:\/\/lapiedrafilosofal.com\/wp-content\/uploads\/2011\/07\/ESTADIO.jpg\" alt=\"\" width=\"650\" height=\"433\" srcset=\"https:\/\/oscarhumbertogomez.com\/wp-content\/uploads\/2011\/07\/ESTADIO.jpg 650w, https:\/\/oscarhumbertogomez.com\/wp-content\/uploads\/2011\/07\/ESTADIO-300x200.jpg 300w\" sizes=\"auto, (max-width: 650px) 100vw, 650px\" \/><p id=\"caption-attachment-20791\" class=\"wp-caption-text\">&#8220;EL CASO DEL ESTADIO&#8221; (Estadio Alfonso L\u00f3pez de Bucaramanga, domingo 11 de octubre de 1981; tragedia en el partido Atl\u00e9tico Bucaramanga &#8211; Atl\u00e9tico Junior de Barranquilla), primer caso a cargo de \u00d3scar Humberto G\u00f3mez G\u00f3mez ante el Consejo de Estado de Colombia. El Ej\u00e9rcito ya ha ingresado al escenario deportivo y los disparos de fusil han comenzado a retumbar en las grader\u00edas. Los aficionados comienzan a tirarse al piso.<\/p><\/div>\n<p>&nbsp;<\/p>\n<div id=\"attachment_26314\" style=\"width: 660px\" class=\"wp-caption alignnone\"><a href=\"https:\/\/lapiedrafilosofal.com\/wp-content\/uploads\/2017\/09\/ESTADIO-3.jpg\"><img loading=\"lazy\" decoding=\"async\" aria-describedby=\"caption-attachment-26314\" class=\"size-full wp-image-26314\" src=\"https:\/\/lapiedrafilosofal.com\/wp-content\/uploads\/2017\/09\/ESTADIO-3.jpg\" alt=\"\" width=\"650\" height=\"300\" srcset=\"https:\/\/oscarhumbertogomez.com\/wp-content\/uploads\/2017\/09\/ESTADIO-3.jpg 650w, https:\/\/oscarhumbertogomez.com\/wp-content\/uploads\/2017\/09\/ESTADIO-3-300x138.jpg 300w\" sizes=\"auto, (max-width: 650px) 100vw, 650px\" \/><\/a><p id=\"caption-attachment-26314\" class=\"wp-caption-text\">&#8220;EL CASO DEL ESTADIO&#8221; (Estadio Alfonso L\u00f3pez de Bucaramanga, domingo 11 de octubre de 1981; tragedia en el partido Atl\u00e9tico Bucaramanga &#8211; Atl\u00e9tico Junior de Barranquilla), primer caso a cargo de \u00d3scar Humberto G\u00f3mez G\u00f3mez ante el Consejo de Estado de Colombia. El Ej\u00e9rcito dispara sus fusiles desde la gramilla del estadio hacia las grader\u00edas. Oficialmente habr\u00e1 cuatro muertos; extraoficialmente se hablar\u00e1 de muchos m\u00e1s.<\/p><\/div>\n<p>&nbsp;<\/p>\n<div id=\"attachment_24629\" style=\"width: 660px\" class=\"wp-caption alignnone\"><a href=\"https:\/\/lapiedrafilosofal.com\/wp-content\/uploads\/2017\/09\/estadio-III.jpg\"><img loading=\"lazy\" decoding=\"async\" aria-describedby=\"caption-attachment-24629\" class=\"size-full wp-image-24629\" src=\"https:\/\/lapiedrafilosofal.com\/wp-content\/uploads\/2017\/09\/estadio-III.jpg\" alt=\"\" width=\"650\" height=\"433\" srcset=\"https:\/\/oscarhumbertogomez.com\/wp-content\/uploads\/2017\/09\/estadio-III.jpg 650w, https:\/\/oscarhumbertogomez.com\/wp-content\/uploads\/2017\/09\/estadio-III-300x200.jpg 300w\" sizes=\"auto, (max-width: 650px) 100vw, 650px\" \/><\/a><p id=\"caption-attachment-24629\" class=\"wp-caption-text\">&#8220;EL CASO DEL ESTADIO&#8221; (Estadio Alfonso L\u00f3pez de Bucaramanga, domingo 11 de octubre de 1981; tragedia en el partido Atl\u00e9tico Bucaramanga &#8211; Atl\u00e9tico Junior de Barranquilla), primer caso a cargo de \u00d3scar Humberto G\u00f3mez G\u00f3mez ante el Consejo de Estado de Colombia. Instantes inmediatamente siguientes a la tragedia. Una de las v\u00edctimas de la balacera es conducida hacia el exterior del estadio.<\/p><\/div>\n<p>&nbsp;<\/p>\n<p>A partir de su primer caso \u2014&#8221;EL CASO DEL ESTADIO&#8221;\u2014, el doctor \u00d3scar Humberto G\u00f3mez G\u00f3mez lleg\u00f3 a ser pionero, no s\u00f3lo en Bucaramanga y Santander, sino en Colombia, de las demandas contra el Estado en las m\u00e1s diversas \u00e1reas, entre ellas la de la <strong>Responsabilidad estatal por fallas en la prestaci\u00f3n del servicio p\u00fablico de salud en los hospitales y cl\u00ednicas del Estado<\/strong> (<strong>fallas m\u00e9dicas<\/strong><em>), <\/em>tema hasta entonces sumido en la inaccesible penumbra de los quir\u00f3fanos<em>.<\/em><\/p>\n<p>&nbsp;<\/p>\n<div id=\"attachment_26317\" style=\"width: 824px\" class=\"wp-caption alignnone\"><a href=\"https:\/\/lapiedrafilosofal.com\/wp-content\/uploads\/2017\/09\/DEMANDAS-POR-FALLAS-MEDICAS.jpg\"><img loading=\"lazy\" decoding=\"async\" aria-describedby=\"caption-attachment-26317\" class=\"size-full wp-image-26317\" src=\"https:\/\/lapiedrafilosofal.com\/wp-content\/uploads\/2017\/09\/DEMANDAS-POR-FALLAS-MEDICAS.jpg\" alt=\"\" width=\"814\" height=\"407\" srcset=\"https:\/\/oscarhumbertogomez.com\/wp-content\/uploads\/2017\/09\/DEMANDAS-POR-FALLAS-MEDICAS.jpg 814w, https:\/\/oscarhumbertogomez.com\/wp-content\/uploads\/2017\/09\/DEMANDAS-POR-FALLAS-MEDICAS-300x150.jpg 300w, https:\/\/oscarhumbertogomez.com\/wp-content\/uploads\/2017\/09\/DEMANDAS-POR-FALLAS-MEDICAS-768x384.jpg 768w\" sizes=\"auto, (max-width: 814px) 100vw, 814px\" \/><\/a><p id=\"caption-attachment-26317\" class=\"wp-caption-text\">CON EL CASO &#8220;PEDRAZA CONTRA EL ISSS&#8221;, FALLADO POR EL CONSEJO DE ESTADO, EL BUFETE DE \u00d3SCAR HUMBERTO G\u00d3MEZ G\u00d3MEZ SE CONVIRTI\u00d3 EN PIONERO EN COLOMBIA DE LAS DEMANDAS POR FALLAS M\u00c9DICAS<\/p><\/div>\n<p>&nbsp;<\/p>\n<p>Desde entonces, el doctor \u00d3scar Humberto G\u00f3mez G\u00f3mez atendi\u00f3 con \u00e9xito, \u2014<strong>adem\u00e1s de demandas contra la Naci\u00f3n, departamentos, municipios y entidades descentralizadas del orden nacional, departamental o municipal<\/strong>, ante los tribunales administrativos de Santander, Norte de Santander, Cesar, Magdalena, Bol\u00edvar, Atl\u00e1ntico, Huila, Boyac\u00e1, Nari\u00f1o y Cundinamarca, y el Consejo de Estado de Colombia, Secci\u00f3n Tercera y Sala Plena, y, a partir de su puesta en funcionamiento, ante los juzgados administrativos\u2014, las \u00e1reas especializadas de los <strong>RECURSOS&nbsp; EXTRAORDINARIOS<\/strong> y las <strong>TUTELAS CONTRA PROVIDENCIAS JUDICIALES.<\/strong><\/p>\n<p>&nbsp;<\/p>\n<p><a href=\"https:\/\/lapiedrafilosofal.com\/wp-content\/uploads\/2017\/09\/justicia-.jpg\"><img loading=\"lazy\" decoding=\"async\" class=\"alignnone size-full wp-image-26795\" src=\"https:\/\/lapiedrafilosofal.com\/wp-content\/uploads\/2017\/09\/justicia-.jpg\" alt=\"\" width=\"900\" height=\"600\" srcset=\"https:\/\/oscarhumbertogomez.com\/wp-content\/uploads\/2017\/09\/justicia-.jpg 900w, https:\/\/oscarhumbertogomez.com\/wp-content\/uploads\/2017\/09\/justicia--300x200.jpg 300w, https:\/\/oscarhumbertogomez.com\/wp-content\/uploads\/2017\/09\/justicia--768x512.jpg 768w\" sizes=\"auto, (max-width: 900px) 100vw, 900px\" \/><\/a><\/p>\n<p>&nbsp;<\/p>\n<p><a href=\"https:\/\/lapiedrafilosofal.com\/wp-content\/uploads\/2011\/07\/justicia.jpg\"><img loading=\"lazy\" decoding=\"async\" class=\"alignnone size-full wp-image-24705\" src=\"https:\/\/lapiedrafilosofal.com\/wp-content\/uploads\/2011\/07\/justicia.jpg\" alt=\"\" width=\"958\" height=\"340\" srcset=\"https:\/\/oscarhumbertogomez.com\/wp-content\/uploads\/2011\/07\/justicia.jpg 958w, https:\/\/oscarhumbertogomez.com\/wp-content\/uploads\/2011\/07\/justicia-300x106.jpg 300w, https:\/\/oscarhumbertogomez.com\/wp-content\/uploads\/2011\/07\/justicia-768x273.jpg 768w\" sizes=\"auto, (max-width: 958px) 100vw, 958px\" \/><\/a><\/p>\n<p>&nbsp;<\/p>\n<p><span style=\"color: #000080;\"><strong>PRECEDENTES JURISPRUDENCIALES:<\/strong><\/span><\/p>\n<p>&nbsp;<\/p>\n<p>Dentro de los numerosos logros registrados en la trayectoria del doctor \u00d3scar Humberto G\u00f3mez G\u00f3mez, a lo largo de sus cuarenta y tres a\u00f1os de ejercicio profesional, se resalta el haber obtenido ante la justicia contenciosa administrativa, entre otros, los antecedentes jurisprudenciales que, a modo de ejemplos, se relacionan a continuaci\u00f3n:<\/p>\n<p>&nbsp;<\/p>\n<p><img loading=\"lazy\" decoding=\"async\" class=\"aligncenter size-full wp-image-24097\" src=\"https:\/\/lapiedrafilosofal.com\/wp-content\/uploads\/2011\/07\/justicia.png\" alt=\"\" width=\"720\" height=\"720\" srcset=\"https:\/\/oscarhumbertogomez.com\/wp-content\/uploads\/2011\/07\/justicia.png 720w, https:\/\/oscarhumbertogomez.com\/wp-content\/uploads\/2011\/07\/justicia-150x150.png 150w, https:\/\/oscarhumbertogomez.com\/wp-content\/uploads\/2011\/07\/justicia-300x300.png 300w\" sizes=\"auto, (max-width: 720px) 100vw, 720px\" \/><\/p>\n<p><strong>i.)<\/strong>&nbsp;<strong>Uno de los primeros dos fallos condenatorios dictados en Colombia por la muerte de un paciente en el quir\u00f3fano a consecuencia de una falla m\u00e9dico-quir\u00fargico-anestesiol\u00f3gica y el primero en un acto m\u00e9dico-quir\u00fargico-anestesiol\u00f3gico llevado a cabo en Santander<\/strong>. Demandantes: Ana Ochoa de Pedraza y otros. Entidad oficial demandada: Instituto de Seguro Social de Santander -I.S.S.S. Muerte del paciente \u00d3scar Pedraza Ochoa en la Cl\u00ednica Bucaramanga, de la capital santandereana. El Consejo de Estado de Colombia, Sala de lo Contencioso Administrativo, Secci\u00f3n Tercera&nbsp;<strong>REVOC\u00d3<\/strong> la sentencia del Tribunal Administrativo de Santander que hab\u00eda denegado las pretensiones de los demandantes;<\/p>\n<p><img loading=\"lazy\" decoding=\"async\" class=\"aligncenter size-full wp-image-24097\" src=\"https:\/\/lapiedrafilosofal.com\/wp-content\/uploads\/2011\/07\/justicia.png\" alt=\"\" width=\"720\" height=\"720\" srcset=\"https:\/\/oscarhumbertogomez.com\/wp-content\/uploads\/2011\/07\/justicia.png 720w, https:\/\/oscarhumbertogomez.com\/wp-content\/uploads\/2011\/07\/justicia-150x150.png 150w, https:\/\/oscarhumbertogomez.com\/wp-content\/uploads\/2011\/07\/justicia-300x300.png 300w\" sizes=\"auto, (max-width: 720px) 100vw, 720px\" \/><\/p>\n<p><strong>ii.)<\/strong>&nbsp;<strong>El primer fallo condenatorio en Colombia por contagio de pacientes con el Virus de Inmunodeficiencia Adquirida (VIH) en un hospital universitario estatal. <\/strong>Demandantes: \u00c1lida Qui\u00f1\u00f3nez de Castellanos y otros. Entidades oficiales demandadas: Hospital Universitario Ram\u00f3n Gonz\u00e1lez Valencia de Bucaramanga y Universidad Industrial de Santander -UIS &#8211; Facultad de Medicina. El Consejo de Estado de Colombia, Sala de lo Contencioso Administrativo, Secci\u00f3n Tercera&nbsp;<strong>REVOC\u00d3<\/strong>&nbsp;la sentencia del Tribunal Administrativo de Santander que hab\u00eda denegado las pretensiones de los demandantes;<\/p>\n<p><img loading=\"lazy\" decoding=\"async\" class=\"aligncenter size-full wp-image-24097\" src=\"https:\/\/lapiedrafilosofal.com\/wp-content\/uploads\/2011\/07\/justicia.png\" alt=\"\" width=\"720\" height=\"720\" srcset=\"https:\/\/oscarhumbertogomez.com\/wp-content\/uploads\/2011\/07\/justicia.png 720w, https:\/\/oscarhumbertogomez.com\/wp-content\/uploads\/2011\/07\/justicia-150x150.png 150w, https:\/\/oscarhumbertogomez.com\/wp-content\/uploads\/2011\/07\/justicia-300x300.png 300w\" sizes=\"auto, (max-width: 720px) 100vw, 720px\" \/><\/p>\n<p><strong>iii.)<\/strong>&nbsp;<strong>Uno de los primeros y \u00fanicos recursos extraordinarios de revisi\u00f3n exitosos en Colombia contra una sentencia en firme<\/strong>. Recurrente extraordinario: Fernando Prada L\u00f3pez. Entidad oficial demandada: la Naci\u00f3n &#8211; Ministerio de Defensa Nacional &#8211; Ej\u00e9rcito Nacional. Lesi\u00f3n con invalidez permanente por da\u00f1o en la columna vertebral de la v\u00edctima. Causal alegada: Ocultamiento de informaci\u00f3n en informe militar. Pieza recobrada. El Consejo de Estado de Colombia, Sala de lo Contencioso Administrativo, Secci\u00f3n Tercera, con ponencia del consejero Julio C\u00e9sar Uribe Acosta, <strong>DEJ\u00d3 SIN EFECTOS<\/strong>&nbsp;la sentencia ejecutoriada del Tribunal Administrativo de Santander que hab\u00eda denegado las pretensiones del demandante y, en su lugar, profiri\u00f3 SENTENCIA CONDENATORIA;<\/p>\n<p><img loading=\"lazy\" decoding=\"async\" class=\"aligncenter size-full wp-image-24097\" src=\"https:\/\/lapiedrafilosofal.com\/wp-content\/uploads\/2011\/07\/justicia.png\" alt=\"\" width=\"720\" height=\"720\" srcset=\"https:\/\/oscarhumbertogomez.com\/wp-content\/uploads\/2011\/07\/justicia.png 720w, https:\/\/oscarhumbertogomez.com\/wp-content\/uploads\/2011\/07\/justicia-150x150.png 150w, https:\/\/oscarhumbertogomez.com\/wp-content\/uploads\/2011\/07\/justicia-300x300.png 300w\" sizes=\"auto, (max-width: 720px) 100vw, 720px\" \/><\/p>\n<p><strong>iv.) El primer fallo condenatorio en Colombia por la muerte de una pasajera de bus urbano (sistema Transporte Sin Subsidio, TSS) a consecuencia de las quemaduras sufridas con ocasi\u00f3n de un atentado dirigido contra el automotor en que viajaba, consumado en el contexto de protestas contra la implantaci\u00f3n, por parte del Gobierno Nacional, de nuevas tarifas. <\/strong>&nbsp;Demandantes: Julia Mar\u00eda C\u00e1ceres de Buitrago y otros. Entidad oficial demandada: la Naci\u00f3n &#8211; Ministerio de Defensa Nacional &#8211; Polic\u00eda Nacional. Muerte de la pasajera Mar\u00eda Teresa Buitrago C\u00e1ceres, quien viajaba como pasajera de un bus urbano de la empresa Transcolombia quemado en el sitio conocido como &#8220;El Caballo de Bol\u00edvar&#8221;, inmediaciones de la Universidad Industrial de Santander (UIS). . El Consejo de Estado de Colombia, Sala de lo Contencioso Administrativo, Secci\u00f3n Tercera <strong>REVOC\u00d3<\/strong>&nbsp;la sentencia del Tribunal Administrativo de Santander que hab\u00eda denegado las pretensiones de los demandantes;<\/p>\n<p><img loading=\"lazy\" decoding=\"async\" class=\"aligncenter size-full wp-image-24097\" src=\"https:\/\/lapiedrafilosofal.com\/wp-content\/uploads\/2011\/07\/justicia.png\" alt=\"\" width=\"720\" height=\"720\" srcset=\"https:\/\/oscarhumbertogomez.com\/wp-content\/uploads\/2011\/07\/justicia.png 720w, https:\/\/oscarhumbertogomez.com\/wp-content\/uploads\/2011\/07\/justicia-150x150.png 150w, https:\/\/oscarhumbertogomez.com\/wp-content\/uploads\/2011\/07\/justicia-300x300.png 300w\" sizes=\"auto, (max-width: 720px) 100vw, 720px\" \/><\/p>\n<p><strong>v.) El primer antecedente jurisprudencial en Colombia sobre la coexistencia de las prestaciones laborales previstas en la ley para el n\u00facleo familiar de un servidor p\u00fablico muerto en servicio y las indemnizaciones derivadas de la responsabilidad por falla del servicio<\/strong>. Demandantes: M\u00e9lida In\u00e9s Dom\u00ednguez de Medina y otros. Entidad oficial demandada: la Naci\u00f3n &#8211; Ministerio de Defensa Nacional &#8211; Polic\u00eda Nacional. Muerte del agente de la Polic\u00eda Vial Pedro Jes\u00fas Medina Su\u00e1rez a consecuencia de falla en la prestaci\u00f3n del servicio m\u00e9dico. El Consejo de Estado de Colombia, Sala de lo Contencioso Administrativo, Secci\u00f3n Tercera&nbsp;<strong>REVOC\u00d3<\/strong>&nbsp;la sentencia del Tribunal Administrativo de Santander que hab\u00eda denegado las pretensiones de los demandantes.&nbsp;El Ministerio de Defensa Nacional interpuso el recurso extraordinario de revisi\u00f3n. La Sala Plena del Consejo de Estado <strong>CONFIRM\u00d3<\/strong> la sentencia condenatoria de la Secci\u00f3n Tercera;<\/p>\n<p><img loading=\"lazy\" decoding=\"async\" class=\"aligncenter size-full wp-image-24097\" src=\"https:\/\/lapiedrafilosofal.com\/wp-content\/uploads\/2011\/07\/justicia.png\" alt=\"\" width=\"720\" height=\"720\" srcset=\"https:\/\/oscarhumbertogomez.com\/wp-content\/uploads\/2011\/07\/justicia.png 720w, https:\/\/oscarhumbertogomez.com\/wp-content\/uploads\/2011\/07\/justicia-150x150.png 150w, https:\/\/oscarhumbertogomez.com\/wp-content\/uploads\/2011\/07\/justicia-300x300.png 300w\" sizes=\"auto, (max-width: 720px) 100vw, 720px\" \/><\/p>\n<p><strong>vi.)<\/strong>&nbsp;<strong>El primer recurso extraordinario de s\u00faplica por violaci\u00f3n directa de la ley sustancial exitoso en la Sala Plena del Consejo de Estado de Colombia<\/strong>. Recurrentes extraordinarios: Marco Antonio L\u00f3pez y otros. Entidad oficial demandada: Empresa de Desarrollo Urbano de Bucaramanga, EDUB. Muerte del ni\u00f1o \u00c9dison Fabi\u00e1n L\u00f3pez Cacua al desprenderse el travesa\u00f1o de un arco de f\u00fatbol en una cancha popular ubicada a la entrada de la Ciudadela Real de Minas. En este caso se aplican por primera vez en la justicia contenciosa administrativa colombiana los conceptos de &#8220;<strong>inmuebles por adhesi\u00f3n<\/strong>&#8221; e &#8220;<strong>inmuebles por destinaci\u00f3n<\/strong>&#8220;\u2014 propios del Derecho Romano y consagrados en el C\u00f3digo&nbsp; Civil colombiano \u2014 dentro de la responsabilidad extracontractual del Estado (La entidad oficial que es due\u00f1a de un lote lo es tambi\u00e9n de los arcos de f\u00fatbol que se instalan en \u00e9l. No se requiere probar qui\u00e9n instal\u00f3 los arcos).&nbsp;La Sala Plena del Consejo de Estado <strong>REVOC\u00d3<\/strong>&nbsp;la sentencia del&nbsp;Consejo de Estado &#8211; Sala de lo Contencioso Administrativo &#8211; Secci\u00f3n Tercera y&nbsp; la sentencia del Tribunal Administrativo de Santander que hab\u00edan denegado las pretensiones de los demandantes y CONDEN\u00d3 a la Empresa de Desarrollo Urbano de Bucaramanga, EDUB, como responsable de la muerte del ni\u00f1o.  Dado que la EDUB hab\u00eda sido liquidada, pag\u00f3 la condena la ALCALD\u00cdA DE BUCARAMANGA.<\/p>\n<p><img loading=\"lazy\" decoding=\"async\" class=\"aligncenter size-full wp-image-24097\" src=\"https:\/\/lapiedrafilosofal.com\/wp-content\/uploads\/2011\/07\/justicia.png\" alt=\"\" width=\"720\" height=\"720\" srcset=\"https:\/\/oscarhumbertogomez.com\/wp-content\/uploads\/2011\/07\/justicia.png 720w, https:\/\/oscarhumbertogomez.com\/wp-content\/uploads\/2011\/07\/justicia-150x150.png 150w, https:\/\/oscarhumbertogomez.com\/wp-content\/uploads\/2011\/07\/justicia-300x300.png 300w\" sizes=\"auto, (max-width: 720px) 100vw, 720px\" \/><\/p>\n<p><strong>vii.)<\/strong>&nbsp;<strong>El primer fallo condenatorio en Colombia en el que se aplica la teor\u00eda del riesgo excepcional por la destrucci\u00f3n de las casas vecinas a un comando militar contra el cual es dirigido un atentado terrorista. <\/strong>Demandantes:&nbsp;Carlos Arturo Pinz\u00f3n Vargas, Ana Mar\u00eda Barrera de P\u00e9rez y Hern\u00e1n Prada Moreno. Entidad oficial demandada: la Naci\u00f3n &#8211; Ministerio de Defensa Nacional (Ej\u00e9rcito Nacional). Atentado del ELN contra el Comando de la Segunda Divisi\u00f3n del Ej\u00e9rcito en el barrio Bolarqu\u00ed de Bucaramanga. El Consejo de Estado, Sala de lo Contencioso Administrativo, Secci\u00f3n Tercera <strong>CONFIRM\u00d3<\/strong> la sentencia del Tribunal Administrativo de Santander (M.P.: Dr. Alejandro Ord\u00f3\u00f1ez Maldonado) que hab\u00eda condenado a la entidad oficial demandada;<\/p>\n<p><img loading=\"lazy\" decoding=\"async\" class=\"aligncenter size-full wp-image-24097\" src=\"https:\/\/lapiedrafilosofal.com\/wp-content\/uploads\/2011\/07\/justicia.png\" alt=\"\" width=\"720\" height=\"720\" srcset=\"https:\/\/oscarhumbertogomez.com\/wp-content\/uploads\/2011\/07\/justicia.png 720w, https:\/\/oscarhumbertogomez.com\/wp-content\/uploads\/2011\/07\/justicia-150x150.png 150w, https:\/\/oscarhumbertogomez.com\/wp-content\/uploads\/2011\/07\/justicia-300x300.png 300w\" sizes=\"auto, (max-width: 720px) 100vw, 720px\" \/><\/p>\n<p><strong>viii.) El primer fallo condenatorio en Colombia por la destrucci\u00f3n de una sede pol\u00edtica durante una campa\u00f1a electoral a consecuencia de un atentado terrorista.  <\/strong>Demandantes:<strong>&nbsp;<\/strong>Luis Alfredo Villamizar Acu\u00f1a y Ana Dolores Navas de Villamizar. Entidad oficial demandada: la Naci\u00f3n &#8211; Ministerio de Defensa Nacional. Atentado terrorista contra la sede del Partido Conservador en Gir\u00f3n (Santander). El Consejo de Estado <strong>REVOC\u00d3<\/strong>&nbsp;la sentencia del Tribunal Administrativo de Santander que hab\u00eda denegado las pretensiones de los demandantes y CONDEN\u00d3 a la Naci\u00f3n a indemnizar a los propietarios de los inmuebles.<\/p>\n<p><img loading=\"lazy\" decoding=\"async\" class=\"aligncenter size-full wp-image-24097\" src=\"https:\/\/lapiedrafilosofal.com\/wp-content\/uploads\/2011\/07\/justicia.png\" alt=\"\" width=\"720\" height=\"720\" srcset=\"https:\/\/oscarhumbertogomez.com\/wp-content\/uploads\/2011\/07\/justicia.png 720w, https:\/\/oscarhumbertogomez.com\/wp-content\/uploads\/2011\/07\/justicia-150x150.png 150w, https:\/\/oscarhumbertogomez.com\/wp-content\/uploads\/2011\/07\/justicia-300x300.png 300w\" sizes=\"auto, (max-width: 720px) 100vw, 720px\" \/><\/p>\n<p><strong>ix.)<\/strong> <strong>El primer fallo condenatorio en Colombia por la muerte de un civil a consecuencia de la explosi\u00f3n de una mina antipersonal. <\/strong>Actores:&nbsp;Eduvigis Mancilla de Quintero y otros. Entidad oficial demandada: la Naci\u00f3n &#8211; Ministerio de Defensa Nacional (Ej\u00e9rcito Nacional). Muerte del campesino Jos\u00e9 Antonio Quintero Merch\u00e1n dentro de su propia finca en zona rural de El Carmen de Chucur\u00ed (Santander). El Consejo de Estado, Sala de lo Contencioso Administrativo, Secci\u00f3n Tercera <strong>CONFIRM\u00d3<\/strong> la sentencia del Tribunal Administrativo de Santander (M.P.: Dr. Alejandro Ord\u00f3\u00f1ez Maldonado) que hab\u00eda condenado a la entidad oficial demandada. El hist\u00f3rico fallo coincidi\u00f3 con la Convenci\u00f3n de Ottawa;<\/p>\n<p><img loading=\"lazy\" decoding=\"async\" class=\"aligncenter size-full wp-image-24097\" src=\"https:\/\/lapiedrafilosofal.com\/wp-content\/uploads\/2011\/07\/justicia.png\" alt=\"\" width=\"720\" height=\"720\" srcset=\"https:\/\/oscarhumbertogomez.com\/wp-content\/uploads\/2011\/07\/justicia.png 720w, https:\/\/oscarhumbertogomez.com\/wp-content\/uploads\/2011\/07\/justicia-150x150.png 150w, https:\/\/oscarhumbertogomez.com\/wp-content\/uploads\/2011\/07\/justicia-300x300.png 300w\" sizes=\"auto, (max-width: 720px) 100vw, 720px\" \/><\/p>\n<p><strong>x.) El primer fallo de tutela proferido en Colombia a favor de una v\u00edctima de las minas antipersonales sembradas por las Fuerzas Armadas Revolucionarias de Colombia (FARC) en zona rural habitada<\/strong>. Accionante: Jos\u00e9 A. P\u00e9rez Ochoa. Entidad oficial demandada: la Naci\u00f3n &#8211; Ministerio de Defensa Nacional (Ej\u00e9rcito Nacional). El Consejo de Estado de Colombia, Sala de lo Contencioso Administrativo, Secci\u00f3n Quinta (como Jurisdicci\u00f3n Constitucional)&nbsp;<strong>REVOC\u00d3<\/strong>&nbsp;la sentencia del&nbsp;Consejo de Estado de Colombia, Sala de lo Contencioso Administrativo, Secci\u00f3n Cuarta, que hab\u00eda denegado la tutela y <strong>REVOC\u00d3<\/strong>&nbsp;la sentencia del Consejo de Estado, Sala de lo Contencioso Administrativo, Secci\u00f3n Tercera, Subsecci\u00f3n A, que hab\u00eda denegado las pretensiones indemnizatorias del demandante, orden\u00e1ndole a esta Subsecci\u00f3n que volviera a dictar sentencia.<\/p>\n<p><img loading=\"lazy\" decoding=\"async\" class=\"aligncenter size-full wp-image-24097\" src=\"https:\/\/lapiedrafilosofal.com\/wp-content\/uploads\/2011\/07\/justicia.png\" alt=\"\" width=\"720\" height=\"720\" srcset=\"https:\/\/oscarhumbertogomez.com\/wp-content\/uploads\/2011\/07\/justicia.png 720w, https:\/\/oscarhumbertogomez.com\/wp-content\/uploads\/2011\/07\/justicia-150x150.png 150w, https:\/\/oscarhumbertogomez.com\/wp-content\/uploads\/2011\/07\/justicia-300x300.png 300w\" sizes=\"auto, (max-width: 720px) 100vw, 720px\" \/><\/p>\n<p><strong>xi.)<\/strong>&nbsp;<strong>La sentencia de unificaci\u00f3n (SU) por medio de la cual la Sala Plena de la Secci\u00f3n Tercera del Consejo de Estado reconoce, por primera vez en Colombia, la figura del acrecimiento en la liquidaci\u00f3n del lucro cesante dentro de los procesos de responsabilidad extracontractual del Estado<\/strong>. Actores: Mar\u00eda Antonia G\u00f3mez de Carrillo y otros. Entidad oficial demandada: Departamento de Santander. Accidente de veh\u00edculo de la Gobernaci\u00f3n de Santander en comprensi\u00f3n municipal de Chiquinquir\u00e1 (Boyac\u00e1) con saldo de dos personas muertas y dos gravemente heridas. El Consejo de Estado de Colombia <strong>REVOC\u00d3<\/strong>&nbsp;la sentencia del Tribunal Administrativo de Boyac\u00e1 en cuanto hab\u00eda denegado el acrecimiento y la <strong>CONFIRM\u00d3<\/strong> en cuanto hab\u00eda CONDENADO a la entidad demandada;<\/p>\n<p><img loading=\"lazy\" decoding=\"async\" class=\"aligncenter size-full wp-image-24097\" src=\"https:\/\/lapiedrafilosofal.com\/wp-content\/uploads\/2011\/07\/justicia.png\" alt=\"\" width=\"720\" height=\"720\" srcset=\"https:\/\/oscarhumbertogomez.com\/wp-content\/uploads\/2011\/07\/justicia.png 720w, https:\/\/oscarhumbertogomez.com\/wp-content\/uploads\/2011\/07\/justicia-150x150.png 150w, https:\/\/oscarhumbertogomez.com\/wp-content\/uploads\/2011\/07\/justicia-300x300.png 300w\" sizes=\"auto, (max-width: 720px) 100vw, 720px\" \/><\/p>\n<p><strong>xii.)<\/strong> <strong>El primer antecedente jurisprudencial en Colombia sobre el derecho del ni\u00f1o a contar con un padre sano<\/strong>. Actores: Reynaldo M\u00e9ndez Pico y otros. Entidad oficial demandada: la Naci\u00f3n &#8211; Ministerio de Defensa Nacional &#8211; Ej\u00e9rcito Nacional. Mutilaci\u00f3n del padre en momentos en que la madre se encontraba embarazada. Accidente de tr\u00e1nsito causado por conducta imprudente de conductor militar. Mediante sentencia de \u00fanica instancia, el Tribunal Administrativo de Santander (Magistrado Ponente: Dr. Alejandro Ord\u00f3\u00f1ez Maldonado) <strong>CONDEN\u00d3<\/strong> a la Naci\u00f3n;<\/p>\n<p><img loading=\"lazy\" decoding=\"async\" class=\"aligncenter size-full wp-image-24097\" src=\"https:\/\/lapiedrafilosofal.com\/wp-content\/uploads\/2011\/07\/justicia.png\" alt=\"\" width=\"720\" height=\"720\" srcset=\"https:\/\/oscarhumbertogomez.com\/wp-content\/uploads\/2011\/07\/justicia.png 720w, https:\/\/oscarhumbertogomez.com\/wp-content\/uploads\/2011\/07\/justicia-150x150.png 150w, https:\/\/oscarhumbertogomez.com\/wp-content\/uploads\/2011\/07\/justicia-300x300.png 300w\" sizes=\"auto, (max-width: 720px) 100vw, 720px\" \/><\/p>\n<p><strong>xiii.)<\/strong> <strong>El primer antecedente jurisprudencial en Colombia sobre el derecho del profesor de hora-c\u00e1tedra de la Universidad Industrial de Santander (UIS) a ser considerado trabajador de la universidad y, consiguientemente, con derecho a la totalidad de las prestaciones sociales propias de los trabajadores de la instituci\u00f3n, incluida la cotizaci\u00f3n para pensi\u00f3n de jubilaci\u00f3n, por lo cual se obliga a Colpensiones o al ente que haga sus veces a incluirlo como pensionado y se obliga a la UIS, como universidad beneficiaria de sus servicios, a consignarle a dicho ente la totalidad de los aportes para pensi\u00f3n que dej\u00f3 de hacer a lo largo de los a\u00f1os en que el docente prest\u00f3 los mismos. <\/strong>. Actor: Jorge Hernando G\u00f3mez G\u00f3mez. Entidad oficial demandada: Universidad Industrial de Santander (UIS). Sentencia de tutela del Consejo de Estado de Colombia. Sala Plena. El Consejo de Estado de Colombia. Sala Plena <strong>REVOC\u00d3<\/strong> la sentencia de la Secci\u00f3n Cuarta del Consejo de Estado que hab\u00eda DENEGADO el amparo constitucional,<strong>REVOC\u00d3<\/strong> la sentencia del Tribunal Administrativo de Santander que hab\u00eda DENEGADO las pretensiones de la demanda laboral en primera instancia y <strong>REVOC\u00d3<\/strong> la sentencia del Juzgado 2o. Administrativo del Circuito de Bucaramanga que hab\u00eda DENEGADO las pretensiones de la demanda laboral en primera instancia;<\/p>\n<p><img loading=\"lazy\" decoding=\"async\" class=\"aligncenter size-full wp-image-24097\" src=\"https:\/\/lapiedrafilosofal.com\/wp-content\/uploads\/2011\/07\/justicia.png\" alt=\"\" width=\"720\" height=\"720\" srcset=\"https:\/\/oscarhumbertogomez.com\/wp-content\/uploads\/2011\/07\/justicia.png 720w, https:\/\/oscarhumbertogomez.com\/wp-content\/uploads\/2011\/07\/justicia-150x150.png 150w, https:\/\/oscarhumbertogomez.com\/wp-content\/uploads\/2011\/07\/justicia-300x300.png 300w\" sizes=\"auto, (max-width: 720px) 100vw, 720px\" \/><\/p>\n<p><strong>xiv.)<\/strong> <strong>El primer antecedente jurisprudencial en Colombia sobre el derecho al amparo de pobreza de las personas de escasos recursos econ\u00f3micos as\u00ed se hallen afiliadas a planes de medicina prepagada. Sentencia de segunda instancia del Consejo de Estado de Colombia, Sala Plena, por medio de la cual <strong>AMPAR\u00d3<\/strong> los derechos al debido proceso y al acceso a la justicia de una pareja de esposos afiliado el uno y beneficiario el otro de una empresa de medicina prepagada, as\u00ed como tambi\u00e9n los de su n\u00facleo familiar, a quienes se les hab\u00eda denegado el amparo de pobreza por tal raz\u00f3n, bajo el argumento de que el hecho de que contaran con una prepagada demostraba que tambi\u00e9n contaban con recursos econ\u00f3micos.<\/strong> El Consejo de Estado <strong>REVOC\u00d3<\/strong> la sentencia de primera instancia del Tribunal Administrativo de Santander que hab\u00eda DENEGADO el amparo constitucional, <strong>REVOC\u00d3<\/strong> el auto del Juzgado Segundo Administrativo del Circuito de Bucaramanga que hab\u00eda DENEGADO el beneficio del amparo de pobreza y <strong>REVOC\u00d3<\/strong> la providencia del mismo Juzgado Segundo Administrativo del Circuito de Bucaramanga que hab\u00eda resuelto DESFAVORABLEMENTE el recurso de reposici\u00f3n interpuesto contra la anterior decisi\u00f3n;<\/p>\n<p><strong>&nbsp;<\/strong><\/p>\n<p><strong><img loading=\"lazy\" decoding=\"async\" class=\"aligncenter size-full wp-image-24097\" src=\"https:\/\/lapiedrafilosofal.com\/wp-content\/uploads\/2011\/07\/justicia.png\" alt=\"\" width=\"720\" height=\"720\" srcset=\"https:\/\/oscarhumbertogomez.com\/wp-content\/uploads\/2011\/07\/justicia.png 720w, https:\/\/oscarhumbertogomez.com\/wp-content\/uploads\/2011\/07\/justicia-150x150.png 150w, https:\/\/oscarhumbertogomez.com\/wp-content\/uploads\/2011\/07\/justicia-300x300.png 300w\" sizes=\"auto, (max-width: 720px) 100vw, 720px\" \/><\/strong><\/p>\n<p><strong>&nbsp;<\/strong><\/p>\n<p><strong>[Posteriormente se estar\u00e1n agregando otras de las numerosas sentencias judiciales favorables obtenidas por el Dr. \u00d3scar Humberto G\u00f3mez G\u00f3mez en las cuales la justicia contenciosa administrativa sent\u00f3 importantes jurisprudencias].<\/strong><\/p>\n<p><strong>&nbsp;<\/strong><\/p>\n<p><strong><img loading=\"lazy\" decoding=\"async\" class=\"aligncenter size-full wp-image-24097\" src=\"https:\/\/lapiedrafilosofal.com\/wp-content\/uploads\/2011\/07\/justicia.png\" alt=\"\" width=\"720\" height=\"720\" srcset=\"https:\/\/oscarhumbertogomez.com\/wp-content\/uploads\/2011\/07\/justicia.png 720w, https:\/\/oscarhumbertogomez.com\/wp-content\/uploads\/2011\/07\/justicia-150x150.png 150w, https:\/\/oscarhumbertogomez.com\/wp-content\/uploads\/2011\/07\/justicia-300x300.png 300w\" sizes=\"auto, (max-width: 720px) 100vw, 720px\" \/><\/strong><\/p>\n<p><strong><\/strong><\/p>\n<p><strong><\/strong><\/p>\n<p><strong><\/strong><\/p>\n<p><strong><\/strong><\/p>\n<p><strong><\/strong><\/p>\n<p><strong><\/strong><\/p>\n<p><strong><\/strong><\/p>\n<p><strong><\/strong><\/p>\n<p><strong><\/strong><\/p>\n<p><strong><\/strong><\/p>\n<p><strong><\/strong><\/p>\n<p><strong><\/strong><\/p>\n<p><strong><\/strong><\/p>\n<p><strong><\/strong><\/p>\n<p><strong><\/strong><\/p>\n<p><strong><\/strong><\/p>\n<p><strong><\/strong><\/p>\n<p><strong><\/strong><\/p>\n<p><strong><\/strong><\/p>\n<p><strong><\/strong><\/p>\n<p><strong><\/strong><\/p>\n<p><strong><\/strong><\/p>\n<p><strong><\/strong><\/p>\n<p><strong><\/strong><\/p>\n<p><strong><\/strong><\/p>\n<p><strong><\/strong><\/p>\n<p><strong><\/strong><\/p>\n<p><strong><\/strong><\/p>\n<p><strong><\/strong><\/p>\n<p><strong><\/strong><\/p>\n<p><strong><\/strong><\/p>\n<p><strong><\/strong><\/p>\n<p><strong><\/strong><\/p>\n<p><strong><\/strong><\/p>\n<p><strong><\/strong><\/p>\n<p><strong><\/strong><\/p>\n<p><strong><\/strong><\/p>\n<p><strong><\/strong><\/p>\n<p><strong><\/strong><\/p>\n<p><strong><\/strong><\/p>\n<p><strong><\/strong><\/p>\n<p><strong><\/p>\n<div id=\"attachment_25313\" style=\"width: 1010px\" class=\"wp-caption alignnone\"><a href=\"https:\/\/lapiedrafilosofal.com\/wp-content\/uploads\/2017\/09\/TEMIS.jpg\"><img loading=\"lazy\" decoding=\"async\" aria-describedby=\"caption-attachment-25313\" class=\"size-full wp-image-25313\" src=\"https:\/\/lapiedrafilosofal.com\/wp-content\/uploads\/2017\/09\/TEMIS.jpg\" alt=\"\" width=\"1000\" height=\"541\" srcset=\"https:\/\/oscarhumbertogomez.com\/wp-content\/uploads\/2017\/09\/TEMIS.jpg 1000w, https:\/\/oscarhumbertogomez.com\/wp-content\/uploads\/2017\/09\/TEMIS-300x162.jpg 300w, https:\/\/oscarhumbertogomez.com\/wp-content\/uploads\/2017\/09\/TEMIS-768x415.jpg 768w\" sizes=\"auto, (max-width: 1000px) 100vw, 1000px\" \/><\/a><p id=\"caption-attachment-25313\" class=\"wp-caption-text\">JUSTICIA (diosa de la mitolog\u00eda romana)<\/p><\/div>\n<p>&nbsp;<\/p>\n<p>_________<\/p>\n<p>&nbsp;<\/p>\n<h2>Archivo de entradas<\/h2>\n<ul><li><a href=\"https:\/\/oscarhumbertogomez.com\/?p=36861\">El impuesto de industria y comercio a las profesiones liberales (5a parte). Por \u00d3scar Humberto G\u00f3mez G\u00f3mez<\/a><\/li><li><a href=\"https:\/\/oscarhumbertogomez.com\/?p=36804\">El impuesto de industria y comercio a las profesiones liberales (4a parte). Por \u00d3scar Humberto G\u00f3mez G\u00f3mez<\/a><\/li><li><a href=\"https:\/\/oscarhumbertogomez.com\/?p=36785\">El impuesto de industria y comercio a las profesiones liberales (3a parte). Por \u00d3scar Humberto G\u00f3mez G\u00f3mez<\/a><\/li><li><a href=\"https:\/\/oscarhumbertogomez.com\/?p=36755\">El impuesto de industria y comercio a las profesiones liberales (2a parte). Por \u00d3scar Humberto G\u00f3mez G\u00f3mez<\/a><\/li><li><a href=\"https:\/\/oscarhumbertogomez.com\/?p=36735\">El impuesto de industria y comercio a las profesiones liberales. (1a. parte). Por \u00d3scar Humberto G\u00f3mez G\u00f3mez<\/a><\/li><li><a href=\"https:\/\/oscarhumbertogomez.com\/?p=35807\">\u00bfRECUPERAR\u00c1N SU DIGNIDAD LAS PROFESIONES LIBERALES? Por \u00d3scar Humberto G\u00f3mez G\u00f3mez<\/a><\/li><li><a href=\"https:\/\/oscarhumbertogomez.com\/?p=35612\">DIEZ A\u00d1OS DESPU\u00c9S, EL HOSPITAL DE GIR\u00d3N NO HA CUMPLIDO SENTENCIA QUE LO CONDEN\u00d3 A RA\u00cdZ DE LA MUERTE DE UNA NI\u00d1A DE TRES A\u00d1OS. Por \u00d3scar Humberto G\u00f3mez G\u00f3mez<\/a><\/li><li><a href=\"https:\/\/oscarhumbertogomez.com\/?p=37529\">FAMILIA DE VENDEDOR DE TINTOS MUERTO EN BUCARAMANGA TENDR\u00c1 AMPARO DE POBREZA. El Consejo de Estado revoc\u00f3 sentencia del Tribunal Administrativo de Santander y dej\u00f3 sin efectos dos autos del Juzgado Segundo Administrativo de Bucaramanga que se lo hab\u00edan negado [Final]. Por \u00d3scar Humberto G\u00f3mez G\u00f3mez<\/a><\/li><li><a href=\"https:\/\/oscarhumbertogomez.com\/?p=37526\">FAMILIA DE VENDEDOR DE TINTOS MUERTO EN BUCARAMANGA TENDR\u00c1 AMPARO DE POBREZA. El Consejo de Estado revoc\u00f3 sentencia del Tribunal Administrativo de Santander y dej\u00f3 sin efectos dos autos del Juzgado 2o Administrativo de Bucaramanga que se lo hab\u00edan negado. Por \u00d3scar Humberto G\u00f3mez G\u00f3mez<\/a><\/li><li><a href=\"https:\/\/oscarhumbertogomez.com\/?p=26975\">ESPLENDOR, OCASO Y RENACIMIENTO DE LAS PROFESIONES LIBERALES EN COLOMBIA. Por \u00d3scar Humberto G\u00f3mez G\u00f3mez<\/a><\/li><li><a href=\"https:\/\/oscarhumbertogomez.com\/?p=26191\">EL IMPUESTO DE INDUSTRIA Y COMERCIO A LAS PROFESIONES LIBERALES. Por \u00d3scar Humberto G\u00f3mez G\u00f3mez<\/a><\/li><li><a href=\"https:\/\/oscarhumbertogomez.com\/?p=20676\">USO Y ABUSO DEL PODER TRIBUTARIO DEL ESTADO. Por \u00d3scar Humberto G\u00f3mez G\u00f3mez<\/a><\/li><li><a href=\"https:\/\/oscarhumbertogomez.com\/?p=20082\">BUFETES versus OFICINAS TRADICIONALES DE ABOGADOS. [A prop\u00f3sito de un informe de la revista Dinero]. Por \u00d3scar Humberto G\u00f3mez G\u00f3mez<\/a><\/li><li><a href=\"https:\/\/oscarhumbertogomez.com\/?p=16960\">Fotomultas en Bucaramanga: renace el fantasma de la privatizaci\u00f3n de nuestras calles. Por \u00d3scar Humberto G\u00f3mez G\u00f3mez<\/a><\/li><li><a href=\"https:\/\/oscarhumbertogomez.com\/?p=16723\">GRANDES CONTROVERSIAS NACIONALES \/\/ RESPONSABILIDAD DEL ESTADO POR LA INJUSTIFICADA MOROSIDAD DE LA JUSTICIA \/\/ PERJUICIOS POR PRESCRIPCI\u00d3N DE LA ACCI\u00d3N PENAL. Por \u00d3scar Humberto G\u00f3mez G\u00f3mez<\/a><\/li><li><a href=\"https:\/\/oscarhumbertogomez.com\/?p=37546\">Nueva jurisprudencia en Colombia: La indemnizaci\u00f3n por lucro cesante de las viudas deber\u00e1 reconocer la figura del acrecimiento. Por \u00d3scar Humberto G\u00f3mez G\u00f3mez<\/a><\/li><li><a href=\"https:\/\/oscarhumbertogomez.com\/?p=16148\">El delito de prevaricato en las Altas Cortes. Por \u00d3scar Humberto G\u00f3mez G\u00f3mez<\/a><\/li><li><a href=\"https:\/\/oscarhumbertogomez.com\/?p=15725\">El lobby en la Justicia: una cat\u00e1strofe que se ven\u00eda venir desde el principio. Por \u00d3scar Humberto G\u00f3mez G\u00f3mez<\/a><\/li><li><a href=\"https:\/\/oscarhumbertogomez.com\/?p=10526\">En defensa de las profesiones liberales. Los profesionales liberales NO somos comerciantes [PARTE II]. Por \u00d3scar Humberto G\u00f3mez G\u00f3mez<\/a><\/li><li><a href=\"https:\/\/oscarhumbertogomez.com\/?p=12590\">Por un fuero disciplinario para los abogados litigantes. Por Rom\u00e1n Casta\u00f1o Ochoa<\/a><\/li><li><a href=\"https:\/\/oscarhumbertogomez.com\/?p=12547\">De nuevo, la reforma a la Justicia [I]. Por \u00d3scar Humberto G\u00f3mez G\u00f3mez<\/a><\/li><li><a href=\"https:\/\/oscarhumbertogomez.com\/?p=12365\">De nuevo Mario Iguar\u00e1n con sus cuentas extravagantes y de nuevo la prensa sirvi\u00e9ndole como caja de resonancia. Por \u00d3scar Humberto G\u00f3mez G\u00f3mez<\/a><\/li><li><a href=\"https:\/\/oscarhumbertogomez.com\/?p=12169\">Propongo la creaci\u00f3n de la Procuradur\u00eda Delegada para el Cumplimiento de las Sentencias Judiciales. Por \u00d3scar Humberto G\u00f3mez G\u00f3mez<\/a><\/li><li><a href=\"https:\/\/oscarhumbertogomez.com\/?p=11687\">PARA SER JUEZ SE REQUIERE VOCACI\u00d3N. Por \u00d3scar Humberto G\u00f3mez G\u00f3mez<\/a><\/li><li><a href=\"https:\/\/oscarhumbertogomez.com\/?p=11650\">En las Altas Cortes est\u00e1 siendo saboteada la acci\u00f3n de tutela contra providencias judiciales. Por \u00d3scar Humberto G\u00f3mez G\u00f3mez<\/a><\/li><li><a href=\"https:\/\/oscarhumbertogomez.com\/?p=11613\">En defensa de la Comisi\u00f3n Interamericana de Derechos Humanos y dem\u00e1s instrumentos del Derecho Internacional. Por \u00d3scar Humberto G\u00f3mez G\u00f3mez<\/a><\/li><li><a href=\"https:\/\/oscarhumbertogomez.com\/?p=11493\">Textos completos de la pol\u00e9mica decisi\u00f3n de la Corte Interamericana de Derechos Humanos de otorgar medidas cautelares a favor del alcalde de Bogot\u00e1 Gustavo Petro. Por \u00d3scar Humberto G\u00f3mez G\u00f3mez<\/a><\/li><li><a href=\"https:\/\/oscarhumbertogomez.com\/?p=11452\">\u00bfPodr\u00eda Gustavo Petro retornar a la Alcald\u00eda Mayor de Bogot\u00e1? Por \u00d3scar Humberto G\u00f3mez G\u00f3mez<\/a><\/li><li><a href=\"https:\/\/oscarhumbertogomez.com\/?p=11419\">Magistrados de la Sala Disciplinaria del Consejo Superior de la Judicatura atacan a la Contralora General de la Rep\u00fablica doctora Sandra Morelli. Por \u00d3scar Humberto G\u00f3mez G\u00f3mez<\/a><\/li><li><a href=\"https:\/\/oscarhumbertogomez.com\/?p=11359\">Censura contra la abogac\u00eda en Colombia. Los riesgos de un poder disciplinario omn\u00edmodo. Por \u00d3scar Humberto G\u00f3mez G\u00f3mez<\/a><\/li><li><a href=\"https:\/\/oscarhumbertogomez.com\/?p=11398\">El futuro de la abogac\u00eda. Por Javier Cremades<\/a><\/li><li><a href=\"https:\/\/oscarhumbertogomez.com\/?p=11352\">\u00bfNOS RESIGNAREMOS LOS ABOGADOS A ACEPTAR LA CENSURA, LA C\u00c1RCEL Y LA HUMILLACI\u00d3N CONTRA LA ABOGAC\u00cdA LIBRE EN COLOMBIA? Por \u00d3scar Humberto G\u00f3mez G\u00f3mez<\/a><\/li><li><a href=\"https:\/\/oscarhumbertogomez.com\/?p=11313\">El ejercicio libre de la abogac\u00eda en Colombia: de la mesura a la censura. Por \u00d3scar Humberto G\u00f3mez G\u00f3mez<\/a><\/li><li><a href=\"https:\/\/oscarhumbertogomez.com\/?p=11193\">El juzgamiento de los altos funcionarios del Estado: una necesidad de soluci\u00f3n inaplazable. Por \u00d3scar Humberto G\u00f3mez G\u00f3mez<\/a><\/li><li><a href=\"https:\/\/oscarhumbertogomez.com\/?p=11202\">El irrespeto a la abogac\u00eda dentro de las providencias judiciales. Por \u00d3scar Humberto G\u00f3mez G\u00f3mez<\/a><\/li><li><a href=\"https:\/\/oscarhumbertogomez.com\/?p=10551\">Grandes controversias jur\u00eddicas colombianas \/. LA CRISIS DEL SERVICIO P\u00daBLICO EN COLOMBIA. Por \u00d3scar Humberto G\u00f3mez G\u00f3mez<\/a><\/li><li><a href=\"https:\/\/oscarhumbertogomez.com\/?p=10142\">Nueva reforma a la Justicia: \u00bfqui\u00e9n levantar\u00e1 los \u00e1nimos ca\u00eddos? Por \u00d3scar Humberto G\u00f3mez G\u00f3mez<\/a><\/li><li><a href=\"https:\/\/oscarhumbertogomez.com\/?p=9999\">Las funciones de polic\u00eda judicial de la Contralor\u00eda y la investigaci\u00f3n fiscal de los altos funcionarios del Estado. Por \u00d3scar Humberto G\u00f3mez G\u00f3mez<\/a><\/li><li><a href=\"https:\/\/oscarhumbertogomez.com\/?p=9067\">\u00a1Archiven! \u00a1Archiven! \u00a1Arch\u00edvenlo todo! Por \u00d3scar Humberto G\u00f3mez G\u00f3mez<\/a><\/li><li><a href=\"https:\/\/oscarhumbertogomez.com\/?p=8364\">En defensa de las profesiones liberales. Los profesionales liberales NO son comerciantes [PARTE I]. Por \u00d3scar Humberto G\u00f3mez G\u00f3mez<\/a><\/li><li><a href=\"https:\/\/oscarhumbertogomez.com\/?p=8200\">Los CAPTCHA de la p\u00e1gina web de la Rama Judicial. Por \u00d3scar Humberto G\u00f3mez G\u00f3mez<\/a><\/li><li><a href=\"https:\/\/oscarhumbertogomez.com\/?p=7853\">Las extravagantes cuentas de Mario Iguar\u00e1n. Por \u00d3scar Humberto G\u00f3mez G\u00f3mez<\/a><\/li><li><a href=\"https:\/\/oscarhumbertogomez.com\/?p=7162\">El matoneo judicial. Uso y abuso de la inadmisi\u00f3n de la demanda. Por \u00d3scar Humberto G\u00f3mez G\u00f3mez<\/a><\/li><li><a href=\"https:\/\/oscarhumbertogomez.com\/?p=5800\">Hugo Ch\u00e1vez: \u00bfOtro poderoso m\u00e1s, interesado en el debilitamiento del Derecho Internacional? Por \u00d3scar Humberto G\u00f3mez G\u00f3mez<\/a><\/li><li><a href=\"https:\/\/oscarhumbertogomez.com\/?p=5695\">Uso y abuso de las fotocopias en la actividad judicial contencioso-administrativa.  Por \u00d3scar Humberto G\u00f3mez G\u00f3mez<\/a><\/li><li><a href=\"https:\/\/oscarhumbertogomez.com\/?p=5178\">Insistimos: hay que crear y poner en funcionamiento, con urgencia, una JURISDICCI\u00d3N CONSTITUCIONAL INDEPENDIENTE.  Por \u00d3scar Humberto G\u00f3mez G\u00f3mez<\/a><\/li><li><a href=\"https:\/\/oscarhumbertogomez.com\/?p=4670\">\"Reforma a la Justicia\": la raz\u00f3n la tiene don Teodoro. Por \u00d3scar Humberto G\u00f3mez G\u00f3mez<\/a><\/li><li><a href=\"https:\/\/oscarhumbertogomez.com\/?p=4653\">A prop\u00f3sito del vergonzoso caso de Jos\u00e9 Frankin Jerez Villalobos: Se acab\u00f3 la discusi\u00f3n sobre el pleno valor probatorio de las copias sin autenticar. Por \u00d3scar Humberto G\u00f3mez G\u00f3mez<\/a><\/li><li><a href=\"https:\/\/oscarhumbertogomez.com\/?p=4631\">Empieza a regir el nuevo c\u00f3digo de lo contencioso administrativo. Por \u00d3scar Humberto G\u00f3mez G\u00f3mez<\/a><\/li><li><a href=\"https:\/\/oscarhumbertogomez.com\/?p=4609\">La reforma a la Justicia: Hace un a\u00f1o que yo tuve una ilusi\u00f3n. Por \u00d3scar Humberto G\u00f3mez G\u00f3mez<\/a><\/li><li><a href=\"https:\/\/oscarhumbertogomez.com\/?p=4478\">Derecho y Justicia en Colombia: el reino del caos y del \"lobby\". Por \u00d3scar Humberto G\u00f3mez G\u00f3mez<\/a><\/li><li><a href=\"https:\/\/oscarhumbertogomez.com\/?p=4187\">El valor probatorio de los medios de comunicaci\u00f3n (II). Por \u00d3scar Humberto G\u00f3mez G\u00f3mez<\/a><\/li><li><a href=\"https:\/\/oscarhumbertogomez.com\/?p=4019\">El valor probatorio de los medios de comunicaci\u00f3n (I). Por \u00d3scar Humberto G\u00f3mez G\u00f3mez<\/a><\/li><li><a href=\"https:\/\/oscarhumbertogomez.com\/?p=3819\">Para transformar la justicia colombiana de verdad, \u00bfAsamblea Nacional Constituyente? Por \u00d3scar Humberto G\u00f3mez G\u00f3mez<\/a><\/li><li><a href=\"https:\/\/oscarhumbertogomez.com\/?p=3589\">El vergonzoso caso de Jos\u00e9 Frankin Jerez Villalobos \/\/ La cuesti\u00f3n, magistrados, fue mucho m\u00e1s grave que autenticar o no autenticar una copia. Por \u00d3scar Humberto G\u00f3mez G\u00f3mez<\/a><\/li><li><a href=\"https:\/\/oscarhumbertogomez.com\/?p=3542\">As\u00ed se fragu\u00f3 la aberrante injusticia en el vergonzoso caso de Jos\u00e9 Frankin Jerez Villalobos. Por \u00d3scar Humberto G\u00f3mez G\u00f3mez<\/a><\/li><li><a href=\"https:\/\/oscarhumbertogomez.com\/?p=3292\">Se debatir\u00e1 de nuevo en los estrados judiciales el vergonzoso caso del joven santandereano Jos\u00e9 Franklin Jerez Villalobos. Por \u00d3scar Humberto G\u00f3mez G\u00f3mez<\/a><\/li><li><a href=\"https:\/\/oscarhumbertogomez.com\/?p=3193\">As\u00ed se burlan de las v\u00edctimas en Colombia. DENUNCIA P\u00daBLICA: La asombrosa impunidad judicial en el vergonzoso caso de Jos\u00e9 Frankin Jerez Villalobos Por \u00d3scar Humberto G\u00f3mez G\u00f3mez<\/a><\/li><li><a href=\"https:\/\/oscarhumbertogomez.com\/?p=1554\">\u00bfA qui\u00e9nes les interesa el debilitamiento del Derecho Internacional? Por \u00d3scar Humberto G\u00f3mez G\u00f3mez<\/a><\/li><li><a href=\"https:\/\/oscarhumbertogomez.com\/?p=96\">Reforma a la justicia: reflexiones y propuestas desde la provincia colombiana. Por \u00d3scar Humberto G\u00f3mez G\u00f3mez<\/a><\/li><\/ul>\n<p>&nbsp;<\/p>\n<p><\/strong><strong><\/strong><strong><\/strong><strong><\/strong><strong><\/strong><strong><\/strong><strong><\/strong><strong><\/strong><strong><\/strong><strong><\/strong><strong><\/strong><strong><\/strong><strong><\/strong><strong><\/strong><strong><\/strong><strong><\/strong><strong><\/strong><strong><\/strong><strong><\/strong><strong><\/strong><strong><\/strong><strong><\/strong><strong><\/strong><strong><\/strong><strong><\/strong><strong><\/strong><strong><\/strong><strong><\/strong><strong><\/strong><strong><\/strong><strong><\/strong><strong><\/strong><strong><\/strong><strong><\/strong><strong><\/strong><strong><\/strong><strong><\/strong><strong><\/strong><strong><\/strong><strong><\/strong><strong><\/strong><\/p>\n","protected":false},"excerpt":{"rendered":"<p>&nbsp; &nbsp; AVISO &nbsp; &#8220;Por falta de garant\u00edas&#8221;, de acuerdo con un extenso comunicado dirigido a sus clientes y a las autoridades judiciales ante las cuales ven\u00eda actuando como apoderado de aquellos, y renunciando en todos los procesos a su &hellip; <a href=\"https:\/\/oscarhumbertogomez.com\/?page_id=633\">Sigue leyendo <span class=\"meta-nav\">&rarr;<\/span><\/a><\/p>\n<div class='heateorSssClear'><\/div><div  class='heateor_sss_sharing_container heateor_sss_horizontal_sharing' heateor-sss-data-href='https:\/\/oscarhumbertogomez.com\/?page_id=633'><div class='heateor_sss_sharing_title' style=\"font-weight:bold\" >\u00a1Gracias por compartirla!<\/div><ul class=\"heateor_sss_sharing_ul\"><li class=\"heateorSssSharingRound\"><i style=\"width:35px;height:35px;border-radius:999px;\" alt=\"Facebook\" Title=\"Facebook\" class=\"heateorSssSharing heateorSssFacebookBackground\" onclick='heateorSssPopup(\"https:\/\/www.facebook.com\/sharer\/sharer.php?u=https%3A%2F%2Foscarhumbertogomez.com%2Findex.php%3Frest_route%3D%252Fwp%252Fv2%252Fpages%252F633\")'><ss style=\"display:block;border-radius:999px;\" class=\"heateorSssSharingSvg heateorSssFacebookSvg\"><\/ss><\/i><\/li><li class=\"heateorSssSharingRound\"><i style=\"width:35px;height:35px;border-radius:999px;\" alt=\"Twitter\" Title=\"Twitter\" class=\"heateorSssSharing heateorSssTwitterBackground\" onclick='heateorSssPopup(\"http:\/\/twitter.com\/intent\/tweet?text=Derecho&url=https%3A%2F%2Foscarhumbertogomez.com%2Findex.php%3Frest_route%3D%252Fwp%252Fv2%252Fpages%252F633\")'><ss style=\"display:block;border-radius:999px;\" class=\"heateorSssSharingSvg heateorSssTwitterSvg\"><\/ss><\/i><\/li><li class=\"heateorSssSharingRound\"><i style=\"width:35px;height:35px;border-radius:999px;\" alt=\"Whatsapp\" Title=\"Whatsapp\" class=\"heateorSssSharing heateorSssWhatsappBackground\" onclick='heateorSssPopup(\"https:\/\/web.whatsapp.com\/send?text=Derecho https%3A%2F%2Foscarhumbertogomez.com%2Findex.php%3Frest_route%3D%252Fwp%252Fv2%252Fpages%252F633\")'><ss style=\"display:block\" class=\"heateorSssSharingSvg heateorSssWhatsappSvg\"><\/ss><\/i><\/li><li class=\"heateorSssSharingRound\"><i style=\"width:35px;height:35px;border-radius:999px;\" alt=\"Pinterest\" Title=\"Pinterest\" class=\"heateorSssSharing heateorSssPinterestBackground\" onclick=\"javascript:void( (function() {var e=document.createElement('script' );e.setAttribute('type','text\/javascript' );e.setAttribute('charset','UTF-8' );e.setAttribute('src','\/\/assets.pinterest.com\/js\/pinmarklet.js?r='+Math.random()*99999999);document.body.appendChild(e)})());\"><ss style=\"display:block;border-radius:999px;\" class=\"heateorSssSharingSvg heateorSssPinterestSvg\"><\/ss><\/i><\/li><li class=\"heateorSssSharingRound\"><i style=\"width:35px;height:35px;border-radius:999px;\" alt=\"Google Gmail\" Title=\"Google Gmail\" class=\"heateorSssSharing heateorSssGoogleGmailBackground\" onclick='heateorSssPopup(\"https:\/\/mail.google.com\/mail\/?ui=2&view=cm&fs=1&tf=1&su=Derecho&body=Link:https%3A%2F%2Foscarhumbertogomez.com%2Findex.php%3Frest_route%3D%252Fwp%252Fv2%252Fpages%252F633\")'><ss style=\"display:block;border-radius:999px;\" class=\"heateorSssSharingSvg heateorSssGoogleGmailSvg\"><\/ss><\/i><\/li><li class=\"heateorSssSharingRound\"><i style=\"width:35px;height:35px;border-radius:999px;\" title=\"More\" alt=\"More\" class=\"heateorSssSharing heateorSssMoreBackground\" onclick=\"heateorSssMoreSharingPopup(this, 'https:\/\/oscarhumbertogomez.com\/index.php?rest_route=%2Fwp%2Fv2%2Fpages%2F633', 'Derecho', '' )\" ><ss style=\"display:block\" class=\"heateorSssSharingSvg heateorSssMoreSvg\"><\/ss><\/i><\/li><\/ul><div class=\"heateorSssClear\"><\/div><\/div><div class='heateorSssClear'><\/div>","protected":false},"author":1,"featured_media":0,"parent":0,"menu_order":3,"comment_status":"open","ping_status":"open","template":"","meta":{"spay_email":"","footnotes":""},"class_list":["post-633","page","type-page","status-publish","hentry"],"jetpack_shortlink":"https:\/\/wp.me\/P1FYrr-ad","_links":{"self":[{"href":"https:\/\/oscarhumbertogomez.com\/index.php?rest_route=\/wp\/v2\/pages\/633","targetHints":{"allow":["GET"]}}],"collection":[{"href":"https:\/\/oscarhumbertogomez.com\/index.php?rest_route=\/wp\/v2\/pages"}],"about":[{"href":"https:\/\/oscarhumbertogomez.com\/index.php?rest_route=\/wp\/v2\/types\/page"}],"author":[{"embeddable":true,"href":"https:\/\/oscarhumbertogomez.com\/index.php?rest_route=\/wp\/v2\/users\/1"}],"replies":[{"embeddable":true,"href":"https:\/\/oscarhumbertogomez.com\/index.php?rest_route=%2Fwp%2Fv2%2Fcomments&post=633"}],"version-history":[{"count":5,"href":"https:\/\/oscarhumbertogomez.com\/index.php?rest_route=\/wp\/v2\/pages\/633\/revisions"}],"predecessor-version":[{"id":50737,"href":"https:\/\/oscarhumbertogomez.com\/index.php?rest_route=\/wp\/v2\/pages\/633\/revisions\/50737"}],"wp:attachment":[{"href":"https:\/\/oscarhumbertogomez.com\/index.php?rest_route=%2Fwp%2Fv2%2Fmedia&parent=633"}],"curies":[{"name":"wp","href":"https:\/\/api.w.org\/{rel}","templated":true}]}}